{"id":4177,"date":"2017-08-02T12:44:40","date_gmt":"2017-08-02T10:44:40","guid":{"rendered":"https:\/\/rcymedia.eu\/?post_type=dt_portfolio&#038;p=4177"},"modified":"2026-01-14T12:57:18","modified_gmt":"2026-01-14T11:57:18","slug":"respeta-al-ciclista","status":"publish","type":"dt_portfolio","link":"https:\/\/rcymedia.eu\/pt\/proyecto\/respeta-al-ciclista\/","title":{"rendered":"Respeite o ciclista"},"content":{"rendered":"<div class=\"wpb-content-wrapper\"><p>A transmiss\u00e3o de mensagens sens\u00edveis para os cidad\u00e3os significa que devemos estar muito envolvidos na gest\u00e3o de campanhas de comunica\u00e7\u00e3o.<\/p>\n<p>Infelizmente, h\u00e1 mais e mais not\u00edcias de ciclistas sendo atropelados. A <strong>Funda\u00e7\u00e3o Juventude e Desporto,<\/strong> no \u00e2mbito da sua voca\u00e7\u00e3o de sensibiliza\u00e7\u00e3o dos cidad\u00e3os, lan\u00e7ou a campanha &#8220;Respeite o ciclista&#8221; durante o m\u00eas de julho.<\/p>\n<p><strong>Ilustres desportistas da Extremadura<\/strong> colocam os seus rostos numa s\u00e9rie de v\u00eddeos com a inten\u00e7\u00e3o de se tornarem virais na rede.<\/p>\n<p>Da RC &amp; Media, contribu\u00edmos com a forma gr\u00e1fica para a sinaliza\u00e7\u00e3o e o futuro mostra que ela ir\u00e1 em formato de etiqueta, para os motoristas que querem coloc\u00e1-la em seu ve\u00edculo.<\/p>\n<p>&nbsp;<\/p>\n<p><img loading=\"lazy\" decoding=\"async\" class=\"aligncenter wp-image-4178 size-full\" src=\"https:\/\/rcymedia.eu\/wp-content\/uploads\/2017\/08\/Captura-de-pantalla-2017-08-01-a-las-17.47.10.png?_t=1501671347\" alt=\"\" width=\"755\" height=\"1059\" srcset=\"https:\/\/rcymedia.eu\/wp-content\/uploads\/2017\/08\/Captura-de-pantalla-2017-08-01-a-las-17.47.10.png 755w, https:\/\/rcymedia.eu\/wp-content\/uploads\/2017\/08\/Captura-de-pantalla-2017-08-01-a-las-17.47.10-214x300.png 214w, https:\/\/rcymedia.eu\/wp-content\/uploads\/2017\/08\/Captura-de-pantalla-2017-08-01-a-las-17.47.10-730x1024.png 730w, https:\/\/rcymedia.eu\/wp-content\/uploads\/2017\/08\/Captura-de-pantalla-2017-08-01-a-las-17.47.10-500x701.png 500w\" sizes=\"auto, (max-width: 755px) 100vw, 755px\" \/><\/p>\n<\/div>","protected":false},"excerpt":{"rendered":"<p>A transmiss\u00e3o de mensagens sens\u00edveis para os cidad\u00e3os significa que devemos estar muito envolvidos na gest\u00e3o de campanhas de comunica\u00e7\u00e3o. Infelizmente, h\u00e1 mais e mais not\u00edcias de ciclistas sendo atropelados. A Funda\u00e7\u00e3o Juventude e Desporto, no \u00e2mbito da sua voca\u00e7\u00e3o de sensibiliza\u00e7\u00e3o dos cidad\u00e3os, lan\u00e7ou a campanha &#8220;Respeite o ciclista&#8221; durante o m\u00eas de julho.&hellip;<\/p>\n","protected":false},"author":1,"featured_media":4179,"template":"","dt_portfolio_category":[30,32,33],"dt_portfolio_tags":[],"class_list":["post-4177","dt_portfolio","type-dt_portfolio","status-publish","has-post-thumbnail","hentry","dt_portfolio_category-comunicacion","dt_portfolio_category-grafica","dt_portfolio_category-redes-sociales","dt_portfolio_category-30","dt_portfolio_category-32","dt_portfolio_category-33","description-off"],"yoast_head":"<!-- This site is optimized with the Yoast SEO Premium plugin v27.1 (Yoast SEO v27.1.1) - https:\/\/yoast.com\/product\/yoast-seo-premium-wordpress\/ -->\n<title>Respeite o ciclista - RC&amp;Media Comunicaci\u00f3n<\/title>\n<meta name=\"description\" content=\"Respeite o ciclista - RC&amp;Media Comunicaci\u00f3n\" \/>\n<meta name=\"robots\" content=\"index, follow, max-snippet:-1, max-image-preview:large, max-video-preview:-1\" \/>\n<link rel=\"canonical\" href=\"https:\/\/rcymedia.eu\/proyecto\/respeta-al-ciclista\/\" \/>\n<meta property=\"og:locale\" content=\"pt_PT\" \/>\n<meta property=\"og:type\" content=\"article\" \/>\n<meta property=\"og:title\" content=\"Respeite o ciclista\" \/>\n<meta property=\"og:description\" content=\"Respeite o ciclista - RC&amp;Media Comunicaci\u00f3n\" \/>\n<meta property=\"og:url\" content=\"https:\/\/rcymedia.eu\/proyecto\/respeta-al-ciclista\/\" \/>\n<meta property=\"og:site_name\" content=\"RC&amp;Media Comunicaci\u00f3n\" \/>\n<meta property=\"article:publisher\" content=\"https:\/\/www.facebook.com\/rcymedia\" \/>\n<meta property=\"article:modified_time\" content=\"2026-01-14T11:57:18+00:00\" \/>\n<meta property=\"og:image\" content=\"https:\/\/rcymedia.eu\/wp-content\/uploads\/2017\/08\/Captura-de-pantalla-2017-08-01-a-las-17.46.51.png\" \/>\n\t<meta property=\"og:image:width\" content=\"921\" \/>\n\t<meta property=\"og:image:height\" content=\"962\" \/>\n\t<meta property=\"og:image:type\" content=\"image\/png\" \/>\n<meta name=\"twitter:card\" content=\"summary_large_image\" \/>\n<meta name=\"twitter:site\" content=\"@rcymedia\" \/>\n<meta name=\"twitter:label1\" content=\"Tempo estimado de leitura\" \/>\n\t<meta name=\"twitter:data1\" content=\"1 minuto\" \/>\n<script type=\"application\/ld+json\" class=\"yoast-schema-graph\">{\"@context\":\"https:\/\/schema.org\",\"@graph\":[{\"@type\":\"WebPage\",\"@id\":\"https:\/\/rcymedia.eu\/proyecto\/respeta-al-ciclista\/\",\"url\":\"https:\/\/rcymedia.eu\/proyecto\/respeta-al-ciclista\/\",\"name\":\"Respeite o ciclista - RC&amp;Media Comunicaci\u00f3n\",\"isPartOf\":{\"@id\":\"https:\/\/rcymedia.eu\/#website\"},\"primaryImageOfPage\":{\"@id\":\"https:\/\/rcymedia.eu\/proyecto\/respeta-al-ciclista\/#primaryimage\"},\"image\":{\"@id\":\"https:\/\/rcymedia.eu\/proyecto\/respeta-al-ciclista\/#primaryimage\"},\"thumbnailUrl\":\"https:\/\/rcymedia.eu\/wp-content\/uploads\/2017\/08\/Captura-de-pantalla-2017-08-01-a-las-17.46.51.png\",\"datePublished\":\"2017-08-02T10:44:40+00:00\",\"dateModified\":\"2026-01-14T11:57:18+00:00\",\"description\":\"Respeite o ciclista - RC&amp;Media Comunicaci\u00f3n\",\"breadcrumb\":{\"@id\":\"https:\/\/rcymedia.eu\/proyecto\/respeta-al-ciclista\/#breadcrumb\"},\"inLanguage\":\"pt-PT\",\"potentialAction\":[{\"@type\":\"ReadAction\",\"target\":[\"https:\/\/rcymedia.eu\/proyecto\/respeta-al-ciclista\/\"]}]},{\"@type\":\"ImageObject\",\"inLanguage\":\"pt-PT\",\"@id\":\"https:\/\/rcymedia.eu\/proyecto\/respeta-al-ciclista\/#primaryimage\",\"url\":\"https:\/\/rcymedia.eu\/wp-content\/uploads\/2017\/08\/Captura-de-pantalla-2017-08-01-a-las-17.46.51.png\",\"contentUrl\":\"https:\/\/rcymedia.eu\/wp-content\/uploads\/2017\/08\/Captura-de-pantalla-2017-08-01-a-las-17.46.51.png\",\"width\":921,\"height\":962},{\"@type\":\"BreadcrumbList\",\"@id\":\"https:\/\/rcymedia.eu\/proyecto\/respeta-al-ciclista\/#breadcrumb\",\"itemListElement\":[{\"@type\":\"ListItem\",\"position\":1,\"name\":\"Portada\",\"item\":\"https:\/\/rcymedia.eu\/\"},{\"@type\":\"ListItem\",\"position\":2,\"name\":\"Portafolio\",\"item\":\"https:\/\/rcymedia.eu\/proyecto\/\"},{\"@type\":\"ListItem\",\"position\":3,\"name\":\"Respeta al ciclista\"}]},{\"@type\":\"WebSite\",\"@id\":\"https:\/\/rcymedia.eu\/#website\",\"url\":\"https:\/\/rcymedia.eu\/\",\"name\":\"RC&amp;Media Comunicaci\u00f3n\",\"description\":\"Dise\u00f1o web y Comunicaci\u00f3n en Paran\u00e1, C\u00e1ceres y Badajoz\",\"potentialAction\":[{\"@type\":\"SearchAction\",\"target\":{\"@type\":\"EntryPoint\",\"urlTemplate\":\"https:\/\/rcymedia.eu\/?s={search_term_string}\"},\"query-input\":{\"@type\":\"PropertyValueSpecification\",\"valueRequired\":true,\"valueName\":\"search_term_string\"}}],\"inLanguage\":\"pt-PT\"}]}<\/script>\n<!-- \/ Yoast SEO Premium plugin. -->","yoast_head_json":{"title":"Respeite o ciclista - RC&amp;Media Comunicaci\u00f3n","description":"Respeite o ciclista - RC&amp;Media Comunicaci\u00f3n","robots":{"index":"index","follow":"follow","max-snippet":"max-snippet:-1","max-image-preview":"max-image-preview:large","max-video-preview":"max-video-preview:-1"},"canonical":"https:\/\/rcymedia.eu\/proyecto\/respeta-al-ciclista\/","og_locale":"pt_PT","og_type":"article","og_title":"Respeite o ciclista","og_description":"Respeite o ciclista - RC&amp;Media Comunicaci\u00f3n","og_url":"https:\/\/rcymedia.eu\/proyecto\/respeta-al-ciclista\/","og_site_name":"RC&amp;Media Comunicaci\u00f3n","article_publisher":"https:\/\/www.facebook.com\/rcymedia","article_modified_time":"2026-01-14T11:57:18+00:00","og_image":[{"width":921,"height":962,"url":"https:\/\/rcymedia.eu\/wp-content\/uploads\/2017\/08\/Captura-de-pantalla-2017-08-01-a-las-17.46.51.png","type":"image\/png"}],"twitter_card":"summary_large_image","twitter_site":"@rcymedia","twitter_misc":{"Tempo estimado de leitura":"1 minuto"},"schema":{"@context":"https:\/\/schema.org","@graph":[{"@type":"WebPage","@id":"https:\/\/rcymedia.eu\/proyecto\/respeta-al-ciclista\/","url":"https:\/\/rcymedia.eu\/proyecto\/respeta-al-ciclista\/","name":"Respeite o ciclista - RC&amp;Media Comunicaci\u00f3n","isPartOf":{"@id":"https:\/\/rcymedia.eu\/#website"},"primaryImageOfPage":{"@id":"https:\/\/rcymedia.eu\/proyecto\/respeta-al-ciclista\/#primaryimage"},"image":{"@id":"https:\/\/rcymedia.eu\/proyecto\/respeta-al-ciclista\/#primaryimage"},"thumbnailUrl":"https:\/\/rcymedia.eu\/wp-content\/uploads\/2017\/08\/Captura-de-pantalla-2017-08-01-a-las-17.46.51.png","datePublished":"2017-08-02T10:44:40+00:00","dateModified":"2026-01-14T11:57:18+00:00","description":"Respeite o ciclista - RC&amp;Media Comunicaci\u00f3n","breadcrumb":{"@id":"https:\/\/rcymedia.eu\/proyecto\/respeta-al-ciclista\/#breadcrumb"},"inLanguage":"pt-PT","potentialAction":[{"@type":"ReadAction","target":["https:\/\/rcymedia.eu\/proyecto\/respeta-al-ciclista\/"]}]},{"@type":"ImageObject","inLanguage":"pt-PT","@id":"https:\/\/rcymedia.eu\/proyecto\/respeta-al-ciclista\/#primaryimage","url":"https:\/\/rcymedia.eu\/wp-content\/uploads\/2017\/08\/Captura-de-pantalla-2017-08-01-a-las-17.46.51.png","contentUrl":"https:\/\/rcymedia.eu\/wp-content\/uploads\/2017\/08\/Captura-de-pantalla-2017-08-01-a-las-17.46.51.png","width":921,"height":962},{"@type":"BreadcrumbList","@id":"https:\/\/rcymedia.eu\/proyecto\/respeta-al-ciclista\/#breadcrumb","itemListElement":[{"@type":"ListItem","position":1,"name":"Portada","item":"https:\/\/rcymedia.eu\/"},{"@type":"ListItem","position":2,"name":"Portafolio","item":"https:\/\/rcymedia.eu\/proyecto\/"},{"@type":"ListItem","position":3,"name":"Respeta al ciclista"}]},{"@type":"WebSite","@id":"https:\/\/rcymedia.eu\/#website","url":"https:\/\/rcymedia.eu\/","name":"RC&amp;Media Comunicaci\u00f3n","description":"Dise\u00f1o web y Comunicaci\u00f3n en Paran\u00e1, C\u00e1ceres y Badajoz","potentialAction":[{"@type":"SearchAction","target":{"@type":"EntryPoint","urlTemplate":"https:\/\/rcymedia.eu\/?s={search_term_string}"},"query-input":{"@type":"PropertyValueSpecification","valueRequired":true,"valueName":"search_term_string"}}],"inLanguage":"pt-PT"}]}},"publishpress_future_workflow_manual_trigger":{"enabledWorkflows":[]},"_links":{"self":[{"href":"https:\/\/rcymedia.eu\/pt\/wp-json\/wp\/v2\/dt_portfolio\/4177","targetHints":{"allow":["GET"]}}],"collection":[{"href":"https:\/\/rcymedia.eu\/pt\/wp-json\/wp\/v2\/dt_portfolio"}],"about":[{"href":"https:\/\/rcymedia.eu\/pt\/wp-json\/wp\/v2\/types\/dt_portfolio"}],"author":[{"embeddable":true,"href":"https:\/\/rcymedia.eu\/pt\/wp-json\/wp\/v2\/users\/1"}],"version-history":[{"count":2,"href":"https:\/\/rcymedia.eu\/pt\/wp-json\/wp\/v2\/dt_portfolio\/4177\/revisions"}],"predecessor-version":[{"id":5074,"href":"https:\/\/rcymedia.eu\/pt\/wp-json\/wp\/v2\/dt_portfolio\/4177\/revisions\/5074"}],"wp:featuredmedia":[{"embeddable":true,"href":"https:\/\/rcymedia.eu\/pt\/wp-json\/wp\/v2\/media\/4179"}],"wp:attachment":[{"href":"https:\/\/rcymedia.eu\/pt\/wp-json\/wp\/v2\/media?parent=4177"}],"wp:term":[{"taxonomy":"dt_portfolio_category","embeddable":true,"href":"https:\/\/rcymedia.eu\/pt\/wp-json\/wp\/v2\/dt_portfolio_category?post=4177"},{"taxonomy":"dt_portfolio_tags","embeddable":true,"href":"https:\/\/rcymedia.eu\/pt\/wp-json\/wp\/v2\/dt_portfolio_tags?post=4177"}],"curies":[{"name":"wp","href":"https:\/\/api.w.org\/{rel}","templated":true}]}}